{"id":147878,"date":"2026-03-11T10:05:13","date_gmt":"2026-03-11T09:05:13","guid":{"rendered":"https:\/\/konsum.ch\/?page_id=147878"},"modified":"2026-04-29T07:59:59","modified_gmt":"2026-04-29T05:59:59","slug":"ombudsstelle-mobilitaetsplattformen","status":"publish","type":"page","link":"https:\/\/konsum.ch\/de\/ombudsstellen\/ombudsstelle-mobilitaetsplattformen\/","title":{"rendered":"Ombudsstelle Mobilit\u00e4tsplattformen"},"content":{"rendered":"<h3>\n<div role=\"navigation\" aria-label=\"Sprachwechsler\" class=\"wpml-ls-statics-shortcode_actions wpml-ls wpml-ls-legacy-list-horizontal\">\n\t<ul><li class=\"wpml-ls-slot-shortcode_actions wpml-ls-item wpml-ls-item-de wpml-ls-current-language wpml-ls-first-item wpml-ls-item-legacy-list-horizontal\">\n\t\t\t\t<a href=\"https:\/\/konsum.ch\/de\/\" hreflang=\"de\" lang=\"de\" class=\"wpml-ls-link\" aria-current=\"page\" aria-label=\"Wechseln zu DE\" title=\"Wechseln zu DE\">\n\t\t\t\t\t                                    <img decoding=\"async\"\n            class=\"wpml-ls-flag\"\n            src=\"https:\/\/konsum.ch\/wp-content\/uploads\/flags\/schweiz.png\"\n            alt=\"\"\n            loading=\"lazy\"\n            width=18\n            height=12\n    \/><span class=\"wpml-ls-native\">DE<\/span><\/a>\n\t\t\t<\/li><li class=\"wpml-ls-slot-shortcode_actions wpml-ls-item wpml-ls-item-fr wpml-ls-item-legacy-list-horizontal\">\n\t\t\t\t<a href=\"https:\/\/konsum.ch\/fr\/\" hreflang=\"fr\" lang=\"fr\" class=\"wpml-ls-link\" aria-label=\"Wechseln zu FR\" title=\"Wechseln zu FR\">\n\t\t\t\t\t                                    <img decoding=\"async\"\n            class=\"wpml-ls-flag\"\n            src=\"https:\/\/konsum.ch\/wp-content\/plugins\/sitepress-multilingual-cms\/res\/flags\/fr.svg\"\n            alt=\"\"\n            loading=\"lazy\"\n            width=18\n            height=12\n    \/><span class=\"wpml-ls-native\">FR<\/span><\/a>\n\t\t\t<\/li><li class=\"wpml-ls-slot-shortcode_actions wpml-ls-item wpml-ls-item-it wpml-ls-item-legacy-list-horizontal\">\n\t\t\t\t<a href=\"https:\/\/konsum.ch\/it\/\" hreflang=\"it\" lang=\"it\" class=\"wpml-ls-link\" aria-label=\"Wechseln zu IT\" title=\"Wechseln zu IT\">\n\t\t\t\t\t                                    <img decoding=\"async\"\n            class=\"wpml-ls-flag\"\n            src=\"https:\/\/konsum.ch\/wp-content\/plugins\/sitepress-multilingual-cms\/res\/flags\/it.svg\"\n            alt=\"\"\n            loading=\"lazy\"\n            width=18\n            height=12\n    \/><span class=\"wpml-ls-native\">IT<\/span><\/a>\n\t\t\t<\/li><li class=\"wpml-ls-slot-shortcode_actions wpml-ls-item wpml-ls-item-en wpml-ls-last-item wpml-ls-item-legacy-list-horizontal\">\n\t\t\t\t<a href=\"https:\/\/konsum.ch\/en\/\" hreflang=\"en\" lang=\"en\" class=\"wpml-ls-link\" aria-label=\"Wechseln zu EN\" title=\"Wechseln zu EN\">\n\t\t\t\t\t                                    <img decoding=\"async\"\n            class=\"wpml-ls-flag\"\n            src=\"https:\/\/konsum.ch\/wp-content\/plugins\/sitepress-multilingual-cms\/res\/flags\/en.svg\"\n            alt=\"\"\n            loading=\"lazy\"\n            width=18\n            height=12\n    \/><span class=\"wpml-ls-native\">EN<\/span><\/a>\n\t\t\t<\/li><\/ul>\n<\/div>\n<\/h3>\n<h2>Ombudsstelle Mobilit\u00e4tsplattformen<\/h2>\n<p>Die Ombudsstelle Mobilit\u00e4tsplattformen betreut Schaden- und Beratungsf\u00e4lle f\u00fcr die Online-Marktpl\u00e4tze AutoScout24 und MotoScout24. Als unabh\u00e4ngige Schlichtungsstelle vermittelt die Ombudsstelle zwischen Plattform-Anbietern und Konsumentinnen und Konsumenten. Sie nimmt deren Beschwerden entgegen und sucht einvernehmliche und zufriedenstellende L\u00f6sungen. Die Ombudsstelle wird von der SMG Swiss Marketplace Group unterst\u00fctzt.<\/p>\n<p>Die Mitarbeiterinnen der Ombudsstelle \u00fcbernehmen die Funktion einer neutralen, unabh\u00e4ngigen Schlichtungsstelle und vermitteln zwischen Kundinnen und Kunden sowie den beteiligten Mobilit\u00e4tsplattformen.<\/p>\n","protected":false},"excerpt":{"rendered":"<p>Ombudsstelle Mobilit\u00e4tsplattformen Die Ombudsstelle Mobilit\u00e4tsplattformen betreut Schaden- und Beratungsf\u00e4lle f\u00fcr die Online-Marktpl\u00e4tze AutoScout24 und MotoScout24. Als unabh\u00e4ngige Schlichtungsstelle vermittelt die Ombudsstelle zwischen Plattform-Anbietern und Konsumentinnen und Konsumenten. Sie nimmt deren Beschwerden entgegen und sucht einvernehmliche und zufriedenstellende L\u00f6sungen. Die Ombudsstelle wird von der SMG Swiss Marketplace Group unterst\u00fctzt. Die Mitarbeiterinnen der Ombudsstelle \u00fcbernehmen die Funktion [&hellip;]<\/p>\n","protected":false},"author":16,"featured_media":0,"parent":268,"menu_order":0,"comment_status":"closed","ping_status":"closed","template":"","meta":{"_acf_changed":false,"footnotes":""},"class_list":["post-147878","page","type-page","status-publish","hentry"],"acf":[],"yoast_head":"<!-- This site is optimized with the Yoast SEO plugin v27.5 - https:\/\/yoast.com\/product\/yoast-seo-wordpress\/ -->\n<title>Ombudsstelle Mobilit\u00e4tsplattformen &#8211; Konsumentenforum<\/title>\n<meta name=\"robots\" content=\"index, follow, max-snippet:-1, max-image-preview:large, max-video-preview:-1\" \/>\n<link rel=\"canonical\" href=\"https:\/\/konsum.ch\/de\/ombudsstellen\/ombudsstelle-mobilitaetsplattformen\/\" \/>\n<meta property=\"og:locale\" content=\"de_DE\" \/>\n<meta property=\"og:type\" content=\"article\" \/>\n<meta property=\"og:title\" content=\"Ombudsstelle Mobilit\u00e4tsplattformen &#8211; Konsumentenforum\" \/>\n<meta property=\"og:description\" content=\"Ombudsstelle Mobilit\u00e4tsplattformen Die Ombudsstelle Mobilit\u00e4tsplattformen betreut Schaden- und Beratungsf\u00e4lle f\u00fcr die Online-Marktpl\u00e4tze AutoScout24 und MotoScout24. Als unabh\u00e4ngige Schlichtungsstelle vermittelt die Ombudsstelle zwischen Plattform-Anbietern und Konsumentinnen und Konsumenten. Sie nimmt deren Beschwerden entgegen und sucht einvernehmliche und zufriedenstellende L\u00f6sungen. Die Ombudsstelle wird von der SMG Swiss Marketplace Group unterst\u00fctzt. Die Mitarbeiterinnen der Ombudsstelle \u00fcbernehmen die Funktion [&hellip;]\" \/>\n<meta property=\"og:url\" content=\"https:\/\/konsum.ch\/de\/ombudsstellen\/ombudsstelle-mobilitaetsplattformen\/\" \/>\n<meta property=\"og:site_name\" content=\"Konsumentenforum\" \/>\n<meta property=\"article:modified_time\" content=\"2026-04-29T05:59:59+00:00\" \/>\n<meta name=\"twitter:card\" content=\"summary_large_image\" \/>\n<meta name=\"twitter:label1\" content=\"Gesch\u00e4tzte Lesezeit\" \/>\n\t<meta name=\"twitter:data1\" content=\"2\u00a0Minuten\" \/>\n<script type=\"application\/ld+json\" class=\"yoast-schema-graph\">{\"@context\":\"https:\\\/\\\/schema.org\",\"@graph\":[{\"@type\":\"WebPage\",\"@id\":\"https:\\\/\\\/konsum.ch\\\/de\\\/ombudsstellen\\\/ombudsstelle-mobilitaetsplattformen\\\/\",\"url\":\"https:\\\/\\\/konsum.ch\\\/de\\\/ombudsstellen\\\/ombudsstelle-mobilitaetsplattformen\\\/\",\"name\":\"Ombudsstelle Mobilit\u00e4tsplattformen &#8211; Konsumentenforum\",\"isPartOf\":{\"@id\":\"https:\\\/\\\/konsum.ch\\\/de\\\/#website\"},\"datePublished\":\"2026-03-11T09:05:13+00:00\",\"dateModified\":\"2026-04-29T05:59:59+00:00\",\"breadcrumb\":{\"@id\":\"https:\\\/\\\/konsum.ch\\\/de\\\/ombudsstellen\\\/ombudsstelle-mobilitaetsplattformen\\\/#breadcrumb\"},\"inLanguage\":\"de\",\"potentialAction\":[{\"@type\":\"ReadAction\",\"target\":[\"https:\\\/\\\/konsum.ch\\\/de\\\/ombudsstellen\\\/ombudsstelle-mobilitaetsplattformen\\\/\"]}]},{\"@type\":\"BreadcrumbList\",\"@id\":\"https:\\\/\\\/konsum.ch\\\/de\\\/ombudsstellen\\\/ombudsstelle-mobilitaetsplattformen\\\/#breadcrumb\",\"itemListElement\":[{\"@type\":\"ListItem\",\"position\":1,\"name\":\"Startseite\",\"item\":\"https:\\\/\\\/konsum.ch\\\/de\\\/\"},{\"@type\":\"ListItem\",\"position\":2,\"name\":\"Ombudstellen\\\/Ombudsman\",\"item\":\"https:\\\/\\\/konsum.ch\\\/de\\\/ombudsstellen\\\/\"},{\"@type\":\"ListItem\",\"position\":3,\"name\":\"Ombudsstelle Mobilit\u00e4tsplattformen\"}]},{\"@type\":\"WebSite\",\"@id\":\"https:\\\/\\\/konsum.ch\\\/de\\\/#website\",\"url\":\"https:\\\/\\\/konsum.ch\\\/de\\\/\",\"name\":\"Konsumentenforum\",\"description\":\"\",\"publisher\":{\"@id\":\"https:\\\/\\\/konsum.ch\\\/de\\\/#organization\"},\"potentialAction\":[{\"@type\":\"SearchAction\",\"target\":{\"@type\":\"EntryPoint\",\"urlTemplate\":\"https:\\\/\\\/konsum.ch\\\/de\\\/?s={search_term_string}\"},\"query-input\":{\"@type\":\"PropertyValueSpecification\",\"valueRequired\":true,\"valueName\":\"search_term_string\"}}],\"inLanguage\":\"de\"},{\"@type\":\"Organization\",\"@id\":\"https:\\\/\\\/konsum.ch\\\/de\\\/#organization\",\"name\":\"Konsumentenforum kf\",\"url\":\"https:\\\/\\\/konsum.ch\\\/de\\\/\",\"logo\":{\"@type\":\"ImageObject\",\"inLanguage\":\"de\",\"@id\":\"https:\\\/\\\/konsum.ch\\\/de\\\/#\\\/schema\\\/logo\\\/image\\\/\",\"url\":\"https:\\\/\\\/konsum.ch\\\/wp-content\\\/uploads\\\/2021\\\/04\\\/kf-Logo-NEU-ohneText-01.png\",\"contentUrl\":\"https:\\\/\\\/konsum.ch\\\/wp-content\\\/uploads\\\/2021\\\/04\\\/kf-Logo-NEU-ohneText-01.png\",\"width\":1477,\"height\":1477,\"caption\":\"Konsumentenforum kf\"},\"image\":{\"@id\":\"https:\\\/\\\/konsum.ch\\\/de\\\/#\\\/schema\\\/logo\\\/image\\\/\"}}]}<\/script>\n<!-- \/ Yoast SEO plugin. -->","yoast_head_json":{"title":"Ombudsstelle Mobilit\u00e4tsplattformen &#8211; Konsumentenforum","robots":{"index":"index","follow":"follow","max-snippet":"max-snippet:-1","max-image-preview":"max-image-preview:large","max-video-preview":"max-video-preview:-1"},"canonical":"https:\/\/konsum.ch\/de\/ombudsstellen\/ombudsstelle-mobilitaetsplattformen\/","og_locale":"de_DE","og_type":"article","og_title":"Ombudsstelle Mobilit\u00e4tsplattformen &#8211; Konsumentenforum","og_description":"Ombudsstelle Mobilit\u00e4tsplattformen Die Ombudsstelle Mobilit\u00e4tsplattformen betreut Schaden- und Beratungsf\u00e4lle f\u00fcr die Online-Marktpl\u00e4tze AutoScout24 und MotoScout24. Als unabh\u00e4ngige Schlichtungsstelle vermittelt die Ombudsstelle zwischen Plattform-Anbietern und Konsumentinnen und Konsumenten. Sie nimmt deren Beschwerden entgegen und sucht einvernehmliche und zufriedenstellende L\u00f6sungen. Die Ombudsstelle wird von der SMG Swiss Marketplace Group unterst\u00fctzt. Die Mitarbeiterinnen der Ombudsstelle \u00fcbernehmen die Funktion [&hellip;]","og_url":"https:\/\/konsum.ch\/de\/ombudsstellen\/ombudsstelle-mobilitaetsplattformen\/","og_site_name":"Konsumentenforum","article_modified_time":"2026-04-29T05:59:59+00:00","twitter_card":"summary_large_image","twitter_misc":{"Gesch\u00e4tzte Lesezeit":"2\u00a0Minuten"},"schema":{"@context":"https:\/\/schema.org","@graph":[{"@type":"WebPage","@id":"https:\/\/konsum.ch\/de\/ombudsstellen\/ombudsstelle-mobilitaetsplattformen\/","url":"https:\/\/konsum.ch\/de\/ombudsstellen\/ombudsstelle-mobilitaetsplattformen\/","name":"Ombudsstelle Mobilit\u00e4tsplattformen &#8211; Konsumentenforum","isPartOf":{"@id":"https:\/\/konsum.ch\/de\/#website"},"datePublished":"2026-03-11T09:05:13+00:00","dateModified":"2026-04-29T05:59:59+00:00","breadcrumb":{"@id":"https:\/\/konsum.ch\/de\/ombudsstellen\/ombudsstelle-mobilitaetsplattformen\/#breadcrumb"},"inLanguage":"de","potentialAction":[{"@type":"ReadAction","target":["https:\/\/konsum.ch\/de\/ombudsstellen\/ombudsstelle-mobilitaetsplattformen\/"]}]},{"@type":"BreadcrumbList","@id":"https:\/\/konsum.ch\/de\/ombudsstellen\/ombudsstelle-mobilitaetsplattformen\/#breadcrumb","itemListElement":[{"@type":"ListItem","position":1,"name":"Startseite","item":"https:\/\/konsum.ch\/de\/"},{"@type":"ListItem","position":2,"name":"Ombudstellen\/Ombudsman","item":"https:\/\/konsum.ch\/de\/ombudsstellen\/"},{"@type":"ListItem","position":3,"name":"Ombudsstelle Mobilit\u00e4tsplattformen"}]},{"@type":"WebSite","@id":"https:\/\/konsum.ch\/de\/#website","url":"https:\/\/konsum.ch\/de\/","name":"Konsumentenforum","description":"","publisher":{"@id":"https:\/\/konsum.ch\/de\/#organization"},"potentialAction":[{"@type":"SearchAction","target":{"@type":"EntryPoint","urlTemplate":"https:\/\/konsum.ch\/de\/?s={search_term_string}"},"query-input":{"@type":"PropertyValueSpecification","valueRequired":true,"valueName":"search_term_string"}}],"inLanguage":"de"},{"@type":"Organization","@id":"https:\/\/konsum.ch\/de\/#organization","name":"Konsumentenforum kf","url":"https:\/\/konsum.ch\/de\/","logo":{"@type":"ImageObject","inLanguage":"de","@id":"https:\/\/konsum.ch\/de\/#\/schema\/logo\/image\/","url":"https:\/\/konsum.ch\/wp-content\/uploads\/2021\/04\/kf-Logo-NEU-ohneText-01.png","contentUrl":"https:\/\/konsum.ch\/wp-content\/uploads\/2021\/04\/kf-Logo-NEU-ohneText-01.png","width":1477,"height":1477,"caption":"Konsumentenforum kf"},"image":{"@id":"https:\/\/konsum.ch\/de\/#\/schema\/logo\/image\/"}}]}},"_links":{"self":[{"href":"https:\/\/konsum.ch\/de\/wp-json\/wp\/v2\/pages\/147878","targetHints":{"allow":["GET"]}}],"collection":[{"href":"https:\/\/konsum.ch\/de\/wp-json\/wp\/v2\/pages"}],"about":[{"href":"https:\/\/konsum.ch\/de\/wp-json\/wp\/v2\/types\/page"}],"author":[{"embeddable":true,"href":"https:\/\/konsum.ch\/de\/wp-json\/wp\/v2\/users\/16"}],"replies":[{"embeddable":true,"href":"https:\/\/konsum.ch\/de\/wp-json\/wp\/v2\/comments?post=147878"}],"version-history":[{"count":10,"href":"https:\/\/konsum.ch\/de\/wp-json\/wp\/v2\/pages\/147878\/revisions"}],"predecessor-version":[{"id":148657,"href":"https:\/\/konsum.ch\/de\/wp-json\/wp\/v2\/pages\/147878\/revisions\/148657"}],"up":[{"embeddable":true,"href":"https:\/\/konsum.ch\/de\/wp-json\/wp\/v2\/pages\/268"}],"wp:attachment":[{"href":"https:\/\/konsum.ch\/de\/wp-json\/wp\/v2\/media?parent=147878"}],"curies":[{"name":"wp","href":"https:\/\/api.w.org\/{rel}","templated":true}]}}