{"version":"1.0","provider_name":"Konsumentenforum","provider_url":"https:\/\/konsum.ch\/de\/","author_name":"H\u00fcseyin Tugal","author_url":"https:\/\/konsum.ch\/de\/author\/it-rubmedia\/","title":"60 Jahre kf &#8211; Konsumentenforum","type":"rich","width":600,"height":338,"html":"<blockquote class=\"wp-embedded-content\" data-secret=\"4zkTgIGjeZ\"><a href=\"https:\/\/konsum.ch\/de\/60-jahre-kf\/\">60 Jahre kf<\/a><\/blockquote><iframe sandbox=\"allow-scripts\" security=\"restricted\" src=\"https:\/\/konsum.ch\/de\/60-jahre-kf\/embed\/#?secret=4zkTgIGjeZ\" width=\"600\" height=\"338\" title=\"&#8222;60 Jahre kf&#8220; &#8211; Konsumentenforum\" data-secret=\"4zkTgIGjeZ\" frameborder=\"0\" marginwidth=\"0\" marginheight=\"0\" scrolling=\"no\" class=\"wp-embedded-content\"><\/iframe><script type=\"text\/javascript\">\n\/* <![CDATA[ *\/\n\/*! This file is auto-generated *\/\n!function(d,l){\"use strict\";l.querySelector&&d.addEventListener&&\"undefined\"!=typeof URL&&(d.wp=d.wp||{},d.wp.receiveEmbedMessage||(d.wp.receiveEmbedMessage=function(e){var t=e.data;if((t||t.secret||t.message||t.value)&&!\/[^a-zA-Z0-9]\/.test(t.secret)){for(var s,r,n,a=l.querySelectorAll('iframe[data-secret=\"'+t.secret+'\"]'),o=l.querySelectorAll('blockquote[data-secret=\"'+t.secret+'\"]'),c=new RegExp(\"^https?:$\",\"i\"),i=0;i<o.length;i++)o[i].style.display=\"none\";for(i=0;i<a.length;i++)s=a[i],e.source===s.contentWindow&&(s.removeAttribute(\"style\"),\"height\"===t.message?(1e3<(r=parseInt(t.value,10))?r=1e3:~~r<200&&(r=200),s.height=r):\"link\"===t.message&&(r=new URL(s.getAttribute(\"src\")),n=new URL(t.value),c.test(n.protocol))&&n.host===r.host&&l.activeElement===s&&(d.top.location.href=t.value))}},d.addEventListener(\"message\",d.wp.receiveEmbedMessage,!1),l.addEventListener(\"DOMContentLoaded\",function(){for(var e,t,s=l.querySelectorAll(\"iframe.wp-embedded-content\"),r=0;r<s.length;r++)(t=(e=s[r]).getAttribute(\"data-secret\"))||(t=Math.random().toString(36).substring(2,12),e.src+=\"#?secret=\"+t,e.setAttribute(\"data-secret\",t)),e.contentWindow.postMessage({message:\"ready\",secret:t},\"*\")},!1)))}(window,document);\n\/\/# sourceURL=https:\/\/konsum.ch\/wp-includes\/js\/wp-embed.min.js\n\/* ]]> *\/\n<\/script>\n","description":"60 Jahre Schweizerisches Konsumentenforum kf Das Schweizerische Konsumentenforum kf feierte am 1. Dezember sein 60-j\u00e4hriges Bestehen. Der Vorstand und die Gesch\u00e4ftsstelle feierten mit 60 G\u00e4sten ein fulminantes und \u00fcberraschendes Fest. Nebst den Sponsoren, ohne die die Feier nicht m\u00f6glich gewesen w\u00e4re (bitte nach unten scrollen), trugen sie alle zum Erfolg bei: Bundespr\u00e4sident Guy Parmelin \u2013 [&hellip;]"}